{"id":15809,"date":"2026-08-27T08:52:23","date_gmt":"2026-08-27T06:52:23","guid":{"rendered":"https:\/\/forumrozwojumazowsza.pl\/?post_type=prelegent&#038;p=15809"},"modified":"2026-08-27T08:52:23","modified_gmt":"2026-08-27T06:52:23","slug":"joanna-skrzydlewska","status":"publish","type":"prelegent","link":"https:\/\/forumrozwojumazowsza.pl\/index.php\/prelegent\/joanna-skrzydlewska\/","title":{"rendered":"Joanna Skrzydlewska"},"content":{"rendered":"\n<p class=\"wp-block-paragraph\"><strong>Joanna Katarzyna Skrzydlewska, \u0142odzianka z urodzenia i&nbsp;wyboru<\/strong>&nbsp;(ur.&nbsp;<a href=\"https:\/\/pl.wikipedia.org\/wiki\/17_lutego\" target=\"_blank\" rel=\"noopener\">17 lutego<\/a>&nbsp;<a href=\"https:\/\/pl.wikipedia.org\/wiki\/1977\" target=\"_blank\" rel=\"noopener\">1977<\/a>&nbsp;r.)<\/p>\n\n\n\n<p class=\"wp-block-paragraph\">Uko\u0144czy\u0142a studia na <a href=\"https:\/\/pl.wikipedia.org\/wiki\/Wydzia%C5%82_Zarz%C4%85dzania_Uniwersytetu_%C5%81%C3%B3dzkiego\" target=\"_blank\" rel=\"noopener\">Wydziale Zarz\u0105dzania<\/a>&nbsp;<a href=\"https:\/\/pl.wikipedia.org\/wiki\/Uniwersytet_%C5%81%C3%B3dzki\" target=\"_blank\" rel=\"noopener\">Uniwersytetu \u0141\u00f3dzkiego<\/a> (na&nbsp;kierunku zarz\u0105dzanie zasobami ludzkimi) oraz studia MBA IN COMMUNITY MANAGEMENT na Uniwersytecie&nbsp;Ekonomicznym w&nbsp;Krakowie.&nbsp;<\/p>\n\n\n\n<p class=\"wp-block-paragraph\">Pos\u0142anka na&nbsp;<a href=\"https:\/\/pl.wikipedia.org\/wiki\/Sejm_Rzeczypospolitej_Polskiej\" target=\"_blank\" rel=\"noopener\">Sejm<\/a>&nbsp;<a href=\"https:\/\/pl.wikipedia.org\/wiki\/Pos%C5%82owie_na_Sejm_Rzeczypospolitej_Polskiej_V_kadencji_(2005%E2%80%932007)\" target=\"_blank\" rel=\"noopener\">V<\/a>&nbsp;(wybrana w 2005 r.)&nbsp;i&nbsp;<a href=\"https:\/\/pl.wikipedia.org\/wiki\/Pos%C5%82owie_na_Sejm_Rzeczypospolitej_Polskiej_VI_kadencji\" target=\"_blank\" rel=\"noopener\">VI<\/a>&nbsp;kadencji (wybrana w 2007 r.)<\/p>\n\n\n\n<p class=\"wp-block-paragraph\">W&nbsp;<a href=\"https:\/\/pl.wikipedia.org\/wiki\/Wybory_do_Parlamentu_Europejskiego_w_Polsce_w_2009_roku\" target=\"_blank\" rel=\"noopener\">wyborach w 2009<\/a>&nbsp;r.&nbsp;uzyska\u0142a mandat deputowanej do&nbsp;<a href=\"https:\/\/pl.wikipedia.org\/wiki\/Parlament_Europejski\" target=\"_blank\" rel=\"noopener\">Parlamentu Europejskiego<\/a>&nbsp;<a href=\"https:\/\/pl.wikipedia.org\/wiki\/Pos%C5%82owie_do_Parlamentu_Europejskiego_VII_kadencji\" target=\"_blank\" rel=\"noopener\">VII kadencji<\/a>.<\/p>\n\n\n\n<p class=\"wp-block-paragraph\">W 2014 r. roku uzyska\u0142a mandat radnej&nbsp;<a href=\"https:\/\/pl.wikipedia.org\/wiki\/Sejmik_Wojew%C3%B3dztwa_%C5%81%C3%B3dzkiego\" target=\"_blank\" rel=\"noopener\">Sejmiku Wojew\u00f3dztwa \u0141\u00f3dzkiego<\/a>. Zosta\u0142a powo\u0142ana na cz\u0142onka&nbsp;<a href=\"https:\/\/pl.wikipedia.org\/wiki\/Zarz%C4%85d_wojew%C3%B3dztwa\" target=\"_blank\" rel=\"noopener\">zarz\u0105du wojew\u00f3dztwa<\/a>&nbsp;i pe\u0142ni\u0142a t\u0119 funkcj\u0119 do&nbsp;ko\u0144ca V kadencji. W 2018 r. utrzyma\u0142a mandat radnej wojew\u00f3dztwa na kolejn\u0105 kadencj\u0119. W 2019 r. wr\u00f3ci\u0142a jednak do pracy w Urz\u0119dzie Miasta \u0141odzi (gdzie pracowa\u0142a w latach 2003 -2005). W pa\u017adzierniku tego roku zosta\u0142a powo\u0142ana na stanowisko zast\u0119pcy prezydenta \u0141odzi, kt\u00f3re sprawowa\u0142a do 2024 r.<\/p>\n\n\n\n<p class=\"wp-block-paragraph\">W&nbsp;<a href=\"https:\/\/pl.wikipedia.org\/wiki\/Wybory_samorz%C4%85dowe_w_Polsce_w_2024_roku\" target=\"_blank\" rel=\"noopener\">wyborach samorz\u0105dowych w 2024<\/a>&nbsp;r. ponownie uzyska\u0142a mandat do&nbsp;Sejmiku Wojew\u00f3dztwa \u0141\u00f3dzkiego. W czerwcu 2024 r. zosta\u0142a wybrana na urz\u0105d marsza\u0142ka wojew\u00f3dztwa \u0142\u00f3dzkiego.<\/p>\n\n\n\n<p class=\"wp-block-paragraph\"><\/p>\n","protected":false},"parent":0,"template":"","kategorie-prelegenci":[382],"class_list":["post-15809","prelegent","type-prelegent","status-publish","hentry","kategorie-prelegenci-16-forum-rozwoju-mazowsza"],"acf":[],"_links":{"self":[{"href":"https:\/\/forumrozwojumazowsza.pl\/index.php\/wp-json\/wp\/v2\/prelegent\/15809","targetHints":{"allow":["GET"]}}],"collection":[{"href":"https:\/\/forumrozwojumazowsza.pl\/index.php\/wp-json\/wp\/v2\/prelegent"}],"about":[{"href":"https:\/\/forumrozwojumazowsza.pl\/index.php\/wp-json\/wp\/v2\/types\/prelegent"}],"wp:attachment":[{"href":"https:\/\/forumrozwojumazowsza.pl\/index.php\/wp-json\/wp\/v2\/media?parent=15809"}],"wp:term":[{"taxonomy":"kategorie-prelegenci","embeddable":true,"href":"https:\/\/forumrozwojumazowsza.pl\/index.php\/wp-json\/wp\/v2\/kategorie-prelegenci?post=15809"}],"curies":[{"name":"wp","href":"https:\/\/api.w.org\/{rel}","templated":true}]}}